{"id":7940,"date":"2025-09-06T14:23:42","date_gmt":"2025-09-06T14:23:42","guid":{"rendered":"https:\/\/maraey.com\/innovacion\/"},"modified":"2025-10-08T23:54:03","modified_gmt":"2025-10-08T23:54:03","slug":"innovacion","status":"publish","type":"page","link":"https:\/\/maraey.com\/es\/innovacion\/","title":{"rendered":"Innovaci\u00f3n"},"content":{"rendered":"\t\t<div data-elementor-type=\"wp-page\" data-elementor-id=\"7940\" class=\"elementor elementor-7940 elementor-4796\" data-elementor-post-type=\"page\">\n\t\t\t\t<div class=\"elementor-element elementor-element-fb55f1b e-flex e-con-boxed e-con e-parent\" data-id=\"fb55f1b\" data-element_type=\"container\" data-settings=\"{&quot;background_background&quot;:&quot;classic&quot;,&quot;animation&quot;:&quot;none&quot;}\">\n\t\t\t\t\t<div class=\"e-con-inner\">\n\t\t\t\t<div class=\"elementor-element elementor-element-94d8db2 elementor-widget__width-initial scroll-title elementor-widget elementor-widget-heading\" data-id=\"94d8db2\" data-element_type=\"widget\" data-widget_type=\"heading.default\">\n\t\t\t\t\t<h1 class=\"elementor-heading-title elementor-size-default\"><span class=\"reveal-word\">Innovaci\u00f3n<\/span><\/h1>\t\t\t\t<\/div>\n\t\t\t\t\t<\/div>\n\t\t\t\t<\/div>\n\t\t<div class=\"elementor-element elementor-element-cc2ae3a e-con-full e-flex e-con e-parent\" data-id=\"cc2ae3a\" data-element_type=\"container\" data-settings=\"{&quot;background_background&quot;:&quot;classic&quot;}\">\n\t\t<div class=\"elementor-element elementor-element-3b872e0 e-con-full e-flex e-con e-child\" data-id=\"3b872e0\" data-element_type=\"container\">\n\t\t<div class=\"elementor-element elementor-element-f0416c1 e-con-full e-flex e-con e-child\" data-id=\"f0416c1\" data-element_type=\"container\">\n\t\t\t\t<div class=\"elementor-element elementor-element-9b36b7c scroll-title elementor-widget__width-initial elementor-widget elementor-widget-heading\" data-id=\"9b36b7c\" data-element_type=\"widget\" data-widget_type=\"heading.default\">\n\t\t\t\t\t<h5 class=\"elementor-heading-title elementor-size-default\"><span class=\"reveal-word\">El equilibrio entre lo urbano y la naturaleza <\/span><\/h5>\t\t\t\t<\/div>\n\t\t\t\t<div class=\"elementor-element elementor-element-0dc3f78 fade-word elementor-widget elementor-widget-text-editor\" data-id=\"0dc3f78\" data-element_type=\"widget\" data-widget_type=\"text-editor.default\">\n\t\t\t\t\t\t\t\t\t<p>Una propuesta que integra dise\u00f1o, innovaci\u00f3n, excelencia arquitect\u00f3nica y responsabilidad medioambiental.<\/p><p>Un modelo urbano abierto que valora la circulaci\u00f3n, la integraci\u00f3n con las comunidades y una experiencia acogedora desde el primer momento.<\/p>\t\t\t\t\t\t\t\t<\/div>\n\t\t\t\t<\/div>\n\t\t<div class=\"elementor-element elementor-element-f75951d e-con-full e-flex e-con e-child\" data-id=\"f75951d\" data-element_type=\"container\">\n\t\t\t\t<div class=\"elementor-element elementor-element-dc78887 elementor-widget__width-initial image-reveal elementor-widget elementor-widget-image\" data-id=\"dc78887\" data-element_type=\"widget\" data-settings=\"{&quot;motion_fx_motion_fx_scrolling&quot;:&quot;yes&quot;,&quot;motion_fx_devices&quot;:[&quot;desktop&quot;,&quot;tablet&quot;]}\" data-widget_type=\"image.default\">\n\t\t\t\t\t\t\t\t\t\t\t\t\t\t\t<img fetchpriority=\"high\" decoding=\"async\" width=\"2560\" height=\"1440\" src=\"https:\/\/maraey.com\/wp-content\/uploads\/2025\/09\/inovacao-1-min-scaled.jpg\" class=\"attachment-full size-full wp-image-7932\" alt=\"\" srcset=\"https:\/\/maraey.com\/wp-content\/uploads\/2025\/09\/inovacao-1-min-scaled.jpg 2560w, https:\/\/maraey.com\/wp-content\/uploads\/2025\/09\/inovacao-1-min-300x169.jpg 300w, https:\/\/maraey.com\/wp-content\/uploads\/2025\/09\/inovacao-1-min-1024x576.jpg 1024w, https:\/\/maraey.com\/wp-content\/uploads\/2025\/09\/inovacao-1-min-768x432.jpg 768w, https:\/\/maraey.com\/wp-content\/uploads\/2025\/09\/inovacao-1-min-1536x864.jpg 1536w, https:\/\/maraey.com\/wp-content\/uploads\/2025\/09\/inovacao-1-min-2048x1152.jpg 2048w\" sizes=\"(max-width: 2560px) 100vw, 2560px\" \/>\t\t\t\t\t\t\t\t\t\t\t\t\t\t\t<\/div>\n\t\t\t\t<\/div>\n\t\t\t\t<\/div>\n\t\t\t\t<div class=\"elementor-element elementor-element-690d5a4 elementor-absolute elementor-widget elementor-widget-html\" data-id=\"690d5a4\" data-element_type=\"widget\" data-settings=\"{&quot;_position&quot;:&quot;absolute&quot;}\" data-widget_type=\"html.default\">\n\t\t\t\t\t<div id=\"fio-animado-container\" style=\"width: 100vw; height: 100vh;\">\n  <svg xmlns=\"http:\/\/www.w3.org\/2000\/svg\" id=\"fio-animado\" viewbox=\"0 0 1440 700\" width=\"100vw\" height=\"100vh\" fill=\"none\">\n<path d=\"M0,100           C 300,100 400,300 700,350           C 1000,400 1300,300 1440,280\" stroke=\"#FFFFFF\" stroke-width=\"1\" fill=\"none\" stroke-linecap=\"round\" stroke-linejoin=\"round\" stroke-dasharray=\"2500\" stroke-dashoffset=\"2500\">\n  <animate id=\"animar-fio\" attributename=\"stroke-dashoffset\" from=\"2500\" to=\"0\" dur=\"2s\" fill=\"freeze\" begin=\"indefinite\"><\/animate>\n<\/path>\n\n\n  <\/path><\/svg>\n<\/div>\n\n<script>\n  document.addEventListener(\"DOMContentLoaded\", function () {\n    const target = document.querySelector(\"#fio-animado\");\n\n    const observer = new IntersectionObserver((entries) =&gt; {\n      entries.forEach(entry =&gt; {\n        if (entry.isIntersecting) {\n          const path = target.querySelector(\"path\");\n          const clone = path.cloneNode(true);\n          path.replaceWith(clone);\n\n          const anim = clone.querySelector(\"animate\");\n          if (anim) anim.beginElement();\n        }\n      });\n    }, {\n      threshold: 0.5\n    });\n\n    if (target) {\n      observer.observe(target);\n    }\n  });\n<\/script>\n\n\t\t\t\t<\/div>\n\t\t\t\t<\/div>\n\t\t<div class=\"elementor-element elementor-element-f437c8b e-flex e-con-boxed e-con e-parent\" data-id=\"f437c8b\" data-element_type=\"container\" data-settings=\"{&quot;background_background&quot;:&quot;classic&quot;}\">\n\t\t\t\t\t<div class=\"e-con-inner\">\n\t\t\t\t<div class=\"elementor-element elementor-element-4215551 fade-word elementor-widget__width-initial elementor-widget elementor-widget-text-editor\" data-id=\"4215551\" data-element_type=\"widget\" data-widget_type=\"text-editor.default\">\n\t\t\t\t\t\t\t\t\t<p>M\u00e1s que un concepto, nuestra Smart City es una realidad que se traduce en innovaci\u00f3n, seguridad, eficiencia y sostenibilidad, garantizando una calidad de vida \u00fanica a trav\u00e9s de:<\/p>\t\t\t\t\t\t\t\t<\/div>\n\t\t<div class=\"elementor-element elementor-element-bdb81b0 e-con-full e-flex e-con e-child\" data-id=\"bdb81b0\" data-element_type=\"container\" data-settings=\"{&quot;motion_fx_motion_fx_scrolling&quot;:&quot;yes&quot;,&quot;motion_fx_translateY_effect&quot;:&quot;yes&quot;,&quot;motion_fx_translateY_speed&quot;:{&quot;unit&quot;:&quot;px&quot;,&quot;size&quot;:4,&quot;sizes&quot;:[]},&quot;motion_fx_translateY_affectedRange&quot;:{&quot;unit&quot;:&quot;%&quot;,&quot;size&quot;:&quot;&quot;,&quot;sizes&quot;:{&quot;start&quot;:0,&quot;end&quot;:100}},&quot;motion_fx_devices&quot;:[&quot;desktop&quot;,&quot;tablet&quot;,&quot;mobile&quot;]}\">\n\t\t<div class=\"elementor-element elementor-element-914863c e-con-full e-transform e-flex e-con e-child\" data-id=\"914863c\" data-element_type=\"container\" data-settings=\"{&quot;_transform_scale_effect_hover&quot;:{&quot;unit&quot;:&quot;px&quot;,&quot;size&quot;:1.08,&quot;sizes&quot;:[]},&quot;_transform_scale_effect_hover_tablet&quot;:{&quot;unit&quot;:&quot;px&quot;,&quot;size&quot;:&quot;&quot;,&quot;sizes&quot;:[]},&quot;_transform_scale_effect_hover_mobile&quot;:{&quot;unit&quot;:&quot;px&quot;,&quot;size&quot;:&quot;&quot;,&quot;sizes&quot;:[]}}\">\n\t\t\t\t<div class=\"elementor-element elementor-element-3fe1915 fade-word elementor-widget__width-initial elementor-widget elementor-widget-text-editor\" data-id=\"3fe1915\" data-element_type=\"widget\" data-widget_type=\"text-editor.default\">\n\t\t\t\t\t\t\t\t\tImplementaci\u00f3n de tecnolog\u00edas de vanguardia: smart home, gesti\u00f3n centralizada, digitalizaci\u00f3n, conectividad (IoT)\t\t\t\t\t\t\t\t<\/div>\n\t\t\t\t<\/div>\n\t\t<div class=\"elementor-element elementor-element-fcf496b e-con-full e-transform e-flex e-con e-child\" data-id=\"fcf496b\" data-element_type=\"container\" data-settings=\"{&quot;_transform_scale_effect_hover&quot;:{&quot;unit&quot;:&quot;px&quot;,&quot;size&quot;:1.08,&quot;sizes&quot;:[]},&quot;_transform_scale_effect_hover_tablet&quot;:{&quot;unit&quot;:&quot;px&quot;,&quot;size&quot;:&quot;&quot;,&quot;sizes&quot;:[]},&quot;_transform_scale_effect_hover_mobile&quot;:{&quot;unit&quot;:&quot;px&quot;,&quot;size&quot;:&quot;&quot;,&quot;sizes&quot;:[]}}\">\n\t\t\t\t<div class=\"elementor-element elementor-element-e1784ed fade-word elementor-widget__width-initial elementor-widget elementor-widget-text-editor\" data-id=\"e1784ed\" data-element_type=\"widget\" data-widget_type=\"text-editor.default\">\n\t\t\t\t\t\t\t\t\t<p>Un modelo energ\u00e9tico basado en fuentes renovables <\/p>\t\t\t\t\t\t\t\t<\/div>\n\t\t\t\t<\/div>\n\t\t<div class=\"elementor-element elementor-element-fbc20d7 e-con-full e-transform e-flex e-con e-child\" data-id=\"fbc20d7\" data-element_type=\"container\" data-settings=\"{&quot;_transform_scale_effect_hover&quot;:{&quot;unit&quot;:&quot;px&quot;,&quot;size&quot;:1.08,&quot;sizes&quot;:[]},&quot;_transform_scale_effect_hover_tablet&quot;:{&quot;unit&quot;:&quot;px&quot;,&quot;size&quot;:&quot;&quot;,&quot;sizes&quot;:[]},&quot;_transform_scale_effect_hover_mobile&quot;:{&quot;unit&quot;:&quot;px&quot;,&quot;size&quot;:&quot;&quot;,&quot;sizes&quot;:[]}}\">\n\t\t\t\t<div class=\"elementor-element elementor-element-b3476e6 fade-word elementor-widget__width-initial elementor-widget elementor-widget-text-editor\" data-id=\"b3476e6\" data-element_type=\"widget\" data-widget_type=\"text-editor.default\">\n\t\t\t\t\t\t\t\t\tSistemas de movilidad sostenible con opciones de transporte limpias, dando prioridad a los modelos el\u00e9ctricos\t\t\t\t\t\t\t\t<\/div>\n\t\t\t\t<\/div>\n\t\t<div class=\"elementor-element elementor-element-c703851 e-con-full e-transform e-flex e-con e-child\" data-id=\"c703851\" data-element_type=\"container\" data-settings=\"{&quot;_transform_scale_effect_hover&quot;:{&quot;unit&quot;:&quot;px&quot;,&quot;size&quot;:1.08,&quot;sizes&quot;:[]},&quot;_transform_scale_effect_hover_tablet&quot;:{&quot;unit&quot;:&quot;px&quot;,&quot;size&quot;:&quot;&quot;,&quot;sizes&quot;:[]},&quot;_transform_scale_effect_hover_mobile&quot;:{&quot;unit&quot;:&quot;px&quot;,&quot;size&quot;:&quot;&quot;,&quot;sizes&quot;:[]}}\">\n\t\t\t\t<div class=\"elementor-element elementor-element-b19cd52 fade-word elementor-widget__width-initial elementor-widget elementor-widget-text-editor\" data-id=\"b19cd52\" data-element_type=\"widget\" data-widget_type=\"text-editor.default\">\n\t\t\t\t\t\t\t\t\tEl carril bici privado m\u00e1s largo de Brasil: 20 km dise\u00f1ados con estrictos par\u00e1metros medioambientales\t\t\t\t\t\t\t\t<\/div>\n\t\t\t\t<\/div>\n\t\t<div class=\"elementor-element elementor-element-90b04e8 e-con-full e-transform e-flex e-con e-child\" data-id=\"90b04e8\" data-element_type=\"container\" data-settings=\"{&quot;_transform_scale_effect_hover&quot;:{&quot;unit&quot;:&quot;px&quot;,&quot;size&quot;:1.08,&quot;sizes&quot;:[]},&quot;_transform_scale_effect_hover_tablet&quot;:{&quot;unit&quot;:&quot;px&quot;,&quot;size&quot;:&quot;&quot;,&quot;sizes&quot;:[]},&quot;_transform_scale_effect_hover_mobile&quot;:{&quot;unit&quot;:&quot;px&quot;,&quot;size&quot;:&quot;&quot;,&quot;sizes&quot;:[]}}\">\n\t\t\t\t<div class=\"elementor-element elementor-element-d7307ec fade-word elementor-widget__width-initial elementor-widget elementor-widget-text-editor\" data-id=\"d7307ec\" data-element_type=\"widget\" data-widget_type=\"text-editor.default\">\n\t\t\t\t\t\t\t\t\t<p>Sistemas de videovigilancia y centro de operaciones para el control integral de la seguridad <\/p>\t\t\t\t\t\t\t\t<\/div>\n\t\t\t\t<\/div>\n\t\t<div class=\"elementor-element elementor-element-2108818 e-con-full e-transform e-flex e-con e-child\" data-id=\"2108818\" data-element_type=\"container\" data-settings=\"{&quot;_transform_scale_effect_hover&quot;:{&quot;unit&quot;:&quot;px&quot;,&quot;size&quot;:1.08,&quot;sizes&quot;:[]},&quot;_transform_scale_effect_hover_tablet&quot;:{&quot;unit&quot;:&quot;px&quot;,&quot;size&quot;:&quot;&quot;,&quot;sizes&quot;:[]},&quot;_transform_scale_effect_hover_mobile&quot;:{&quot;unit&quot;:&quot;px&quot;,&quot;size&quot;:&quot;&quot;,&quot;sizes&quot;:[]}}\">\n\t\t\t\t<div class=\"elementor-element elementor-element-7558fdc fade-word elementor-widget__width-initial elementor-widget elementor-widget-text-editor\" data-id=\"7558fdc\" data-element_type=\"widget\" data-widget_type=\"text-editor.default\">\n\t\t\t\t\t\t\t\t\t<p>Gesti\u00f3n integrada de los servicios <\/p>\t\t\t\t\t\t\t\t<\/div>\n\t\t\t\t<\/div>\n\t\t\t\t<\/div>\n\t\t\t\t\t<\/div>\n\t\t\t\t<\/div>\n\t\t<div class=\"elementor-element elementor-element-e35fcd0 e-flex e-con-boxed e-con e-parent\" data-id=\"e35fcd0\" data-element_type=\"container\" data-settings=\"{&quot;background_background&quot;:&quot;classic&quot;}\">\n\t\t\t\t\t<div class=\"e-con-inner\">\n\t\t<div class=\"elementor-element elementor-element-6798240 e-con-full e-flex e-con e-child\" data-id=\"6798240\" data-element_type=\"container\">\n\t\t\t\t<div class=\"elementor-element elementor-element-02d9ea3 scroll-title elementor-widget__width-initial elementor-widget elementor-widget-heading\" data-id=\"02d9ea3\" data-element_type=\"widget\" data-widget_type=\"heading.default\">\n\t\t\t\t\t<h2 class=\"elementor-heading-title elementor-size-default\"><span class=\"reveal-word\">Excelencia y bienestar en un solo lugar<\/span><\/h2>\t\t\t\t<\/div>\n\t\t\t\t<\/div>\n\t\t\t\t<div class=\"elementor-element elementor-element-78be010 elementor-widget__width-initial elementor-absolute elementor-widget elementor-widget-image\" data-id=\"78be010\" data-element_type=\"widget\" data-settings=\"{&quot;_position&quot;:&quot;absolute&quot;}\" data-widget_type=\"image.default\">\n\t\t\t\t\t\t\t\t\t\t\t\t\t\t\t<img decoding=\"async\" width=\"885\" height=\"1294\" src=\"https:\/\/maraey.com\/wp-content\/uploads\/2025\/09\/folhas-douradas-2.svg\" class=\"attachment-full size-full wp-image-7933\" alt=\"\" \/>\t\t\t\t\t\t\t\t\t\t\t\t\t\t\t<\/div>\n\t\t<div class=\"elementor-element elementor-element-0b68347 e-con-full e-flex e-con e-child\" data-id=\"0b68347\" data-element_type=\"container\">\n\t\t<div class=\"elementor-element elementor-element-acd233b e-con-full e-flex e-con e-child\" data-id=\"acd233b\" data-element_type=\"container\">\n\t\t\t\t<div class=\"elementor-element elementor-element-45a26d0 fade-word elementor-widget elementor-widget-text-editor\" data-id=\"45a26d0\" data-element_type=\"widget\" data-widget_type=\"text-editor.default\">\n\t\t\t\t\t\t\t\t\tUn ecosistema de marcas globales de excelencia acompa\u00f1a la creaci\u00f3n de este nuevo destino tur\u00edstico y residencial, poniendo en primer plano a las personas, el desarrollo urbano y la naturaleza. Siemens y BMW se unen a nosotros bajo los m\u00e1s rigurosos est\u00e1ndares de calidad y sostenibilidad de la certificaci\u00f3n Sustainable SITES Initiative.  \t\t\t\t\t\t\t\t<\/div>\n\t\t<div class=\"elementor-element elementor-element-a7f60f3 e-con-full e-flex e-con e-child\" data-id=\"a7f60f3\" data-element_type=\"container\">\n\t\t\t\t<div class=\"elementor-element elementor-element-b9e9b71 elementor-widget__width-initial logo-branco elementor-widget elementor-widget-image\" data-id=\"b9e9b71\" data-element_type=\"widget\" data-widget_type=\"image.default\">\n\t\t\t\t\t\t\t\t\t\t\t\t\t\t\t\t<a href=\"https:\/\/www.siemens.com\/br\/pt\/digitalizacao.html\" target=\"_blank\">\n\t\t\t\t\t\t\t<img decoding=\"async\" src=\"https:\/\/maraey.com\/wp-content\/uploads\/2025\/09\/siemens-logo.png\" title=\"\" alt=\"\" loading=\"lazy\" \/>\t\t\t\t\t\t\t\t<\/a>\n\t\t\t\t\t\t\t\t\t\t\t\t\t\t\t<\/div>\n\t\t\t\t<div class=\"elementor-element elementor-element-e98535e elementor-widget__width-initial logo-branco elementor-widget elementor-widget-image\" data-id=\"e98535e\" data-element_type=\"widget\" data-widget_type=\"image.default\">\n\t\t\t\t\t\t\t\t\t\t\t\t\t\t\t\t<a href=\"https:\/\/www.bmw.pt\/pt\/topics\/fascination-bmw\/bmw-group.html\" target=\"_blank\">\n\t\t\t\t\t\t\t<img decoding=\"async\" src=\"https:\/\/maraey.com\/wp-content\/uploads\/2025\/09\/bmw.png\" title=\"\" alt=\"\" loading=\"lazy\" \/>\t\t\t\t\t\t\t\t<\/a>\n\t\t\t\t\t\t\t\t\t\t\t\t\t\t\t<\/div>\n\t\t\t\t<\/div>\n\t\t\t\t<\/div>\n\t\t\t\t<div class=\"elementor-element elementor-element-aa1e486 elementor-widget__width-initial image-reveal elementor-widget elementor-widget-image\" data-id=\"aa1e486\" data-element_type=\"widget\" data-settings=\"{&quot;motion_fx_motion_fx_scrolling&quot;:&quot;yes&quot;,&quot;motion_fx_devices&quot;:[&quot;desktop&quot;,&quot;tablet&quot;]}\" data-widget_type=\"image.default\">\n\t\t\t\t\t\t\t\t\t\t\t\t\t\t\t<img decoding=\"async\" width=\"1920\" height=\"1280\" src=\"https:\/\/maraey.com\/wp-content\/uploads\/2025\/09\/Inovacao-conforto-min.webp\" class=\"attachment-full size-full wp-image-7934\" alt=\"\" srcset=\"https:\/\/maraey.com\/wp-content\/uploads\/2025\/09\/Inovacao-conforto-min.webp 1920w, https:\/\/maraey.com\/wp-content\/uploads\/2025\/09\/Inovacao-conforto-min-300x200.webp 300w, https:\/\/maraey.com\/wp-content\/uploads\/2025\/09\/Inovacao-conforto-min-1024x683.webp 1024w, https:\/\/maraey.com\/wp-content\/uploads\/2025\/09\/Inovacao-conforto-min-768x512.webp 768w, https:\/\/maraey.com\/wp-content\/uploads\/2025\/09\/Inovacao-conforto-min-1536x1024.webp 1536w\" sizes=\"(max-width: 1920px) 100vw, 1920px\" \/>\t\t\t\t\t\t\t\t\t\t\t\t\t\t\t<\/div>\n\t\t\t\t<\/div>\n\t\t<div class=\"elementor-element elementor-element-6b94e0b elementor-hidden-desktop elementor-hidden-tablet elementor-hidden-mobile e-flex e-con-boxed e-con e-child\" data-id=\"6b94e0b\" data-element_type=\"container\">\n\t\t\t\t\t<div class=\"e-con-inner\">\n\t\t\t\t\t<\/div>\n\t\t\t\t<\/div>\n\t\t\t\t\t<\/div>\n\t\t\t\t<\/div>\n\t\t<div class=\"elementor-element elementor-element-0d81df3 e-con-full e-flex e-con e-parent\" data-id=\"0d81df3\" data-element_type=\"container\" data-settings=\"{&quot;background_background&quot;:&quot;classic&quot;}\">\n\t\t<div class=\"elementor-element elementor-element-c39250b e-con-full e-flex e-con e-child\" data-id=\"c39250b\" data-element_type=\"container\">\n\t\t<div class=\"elementor-element elementor-element-b9fdcbf e-con-full e-flex e-con e-child\" data-id=\"b9fdcbf\" data-element_type=\"container\">\n\t\t\t\t<div class=\"elementor-element elementor-element-c5d1aba elementor-widget__width-initial svg elementor-widget elementor-widget-html\" data-id=\"c5d1aba\" data-element_type=\"widget\" data-widget_type=\"html.default\">\n\t\t\t\t\t<svg id=\"animated-m\" style=\"max-height: 800px;\" viewbox=\"17 40 126 140\" xmlns=\"http:\/\/www.w3.org\/2000\/svg\" fill=\"none\">\n  <!-- Path 1: The main 'M' shape -->\n  <path d=\"M 20 180 L 20 40 L 80 140 L 140 40 L 140 180\" stroke=\"#FFFFFF\" stroke-width=\"0.4\" stroke-linecap=\"round\" stroke-linejoin=\"round\" stroke-dasharray=\"700\" stroke-dashoffset=\"700\">\n    <animate id=\"m-animation\" attributename=\"stroke-dashoffset\" from=\"650\" to=\"0\" dur=\"3s\" begin=\"indefinite\" fill=\"freeze\"\/>\n  <\/path>\n<\/path><\/svg>\n\n<script>\ndocument.addEventListener(\"DOMContentLoaded\", function () {\n  const svg = document.getElementById(\"animated-m\");\n  let wasInView = false;\n\n  const observer = new IntersectionObserver((entries) => {\n    entries.forEach(entry => {\n      const rect = entry.boundingClientRect;\n      const viewportHeight = window.innerHeight || document.documentElement.clientHeight;\n\n      const enteredFromBelow = rect.top >= 0 && rect.top < viewportHeight;\n\n      if (entry.isIntersecting && enteredFromBelow && !wasInView) {\n        const oldPaths = svg.querySelectorAll(\"path\");\n        oldPaths.forEach(path => {\n          const clone = path.cloneNode(true);\n          path.replaceWith(clone);\n          const mAnimation = clone.querySelector(\"animate\");\n          if (mAnimation) mAnimation.beginElement();\n        });\n\n        wasInView = true;\n      }\n\n      if (rect.bottom < 0 || rect.top > viewportHeight) {\n        wasInView = false;\n      }\n    });\n  }, {\n    threshold: [0, 0.5, 1]\n  });\n\n  if (svg) {\n    observer.observe(svg);\n  }\n});\n<\/script>\n\n\n\t\t\t\t<\/div>\n\t\t\t\t<div class=\"elementor-element elementor-element-cdbc383 elementor-widget__width-initial image-reveal elementor-absolute elementor-widget elementor-widget-image\" data-id=\"cdbc383\" data-element_type=\"widget\" data-settings=\"{&quot;_position&quot;:&quot;absolute&quot;}\" data-widget_type=\"image.default\">\n\t\t\t\t\t\t\t\t\t\t\t\t\t\t\t<img loading=\"lazy\" decoding=\"async\" width=\"2560\" height=\"1070\" src=\"https:\/\/maraey.com\/wp-content\/uploads\/2025\/09\/Inova-min-scaled.webp\" class=\"attachment-full size-full wp-image-7935\" alt=\"\" srcset=\"https:\/\/maraey.com\/wp-content\/uploads\/2025\/09\/Inova-min-scaled.webp 2560w, https:\/\/maraey.com\/wp-content\/uploads\/2025\/09\/Inova-min-300x125.webp 300w, https:\/\/maraey.com\/wp-content\/uploads\/2025\/09\/Inova-min-1024x428.webp 1024w, https:\/\/maraey.com\/wp-content\/uploads\/2025\/09\/Inova-min-768x321.webp 768w, https:\/\/maraey.com\/wp-content\/uploads\/2025\/09\/Inova-min-1536x642.webp 1536w, https:\/\/maraey.com\/wp-content\/uploads\/2025\/09\/Inova-min-2048x856.webp 2048w\" sizes=\"(max-width: 2560px) 100vw, 2560px\" \/>\t\t\t\t\t\t\t\t\t\t\t\t\t\t\t<\/div>\n\t\t\t\t<\/div>\n\t\t<div class=\"elementor-element elementor-element-4bba57a e-con-full e-flex e-con e-child\" data-id=\"4bba57a\" data-element_type=\"container\">\n\t\t\t\t<div class=\"elementor-element elementor-element-68b9b5b fade-word elementor-widget elementor-widget-text-editor\" data-id=\"68b9b5b\" data-element_type=\"widget\" data-widget_type=\"text-editor.default\">\n\t\t\t\t\t\t\t\t\tMARAEY se consolida como un modelo pionero de ciudad inteligente, un espacio urbano inclusivo, seguro, accesible y transformador. \t\t\t\t\t\t\t\t<\/div>\n\t\t\t\t<div class=\"elementor-element elementor-element-c5f6aaf fade-word elementor-widget elementor-widget-text-editor\" data-id=\"c5f6aaf\" data-element_type=\"widget\" data-widget_type=\"text-editor.default\">\n\t\t\t\t\t\t\t\t\tEste nuevo polo residencial al este de R\u00edo de Janeiro tambi\u00e9n ofrece todos los servicios de calidad integrados: una escuela internacional con todos los niveles de ense\u00f1anza \u2014 desde la educaci\u00f3n infantil hasta la preuniversitaria \u2014, una universidad, un hospital de \u00faltima generaci\u00f3n, un centro comercial y de negocios, telecomunicaciones, seguridad, transporte, adem\u00e1s de instalaciones deportivas, culturales y de ocio. \t\t\t\t\t\t\t\t<\/div>\n\t\t\t\t<\/div>\n\t\t\t\t<\/div>\n\t\t\t\t<\/div>\n\t\t<div class=\"elementor-element elementor-element-625870f e-flex e-con-boxed e-con e-parent\" data-id=\"625870f\" data-element_type=\"container\" data-settings=\"{&quot;background_background&quot;:&quot;classic&quot;}\">\n\t\t\t\t\t<div class=\"e-con-inner\">\n\t\t<div class=\"elementor-element elementor-element-48ea5e2 e-con-full rotating-words e-flex e-con e-child\" data-id=\"48ea5e2\" data-element_type=\"container\">\n\t\t\t\t<div class=\"elementor-element elementor-element-2163c8c elementor-widget elementor-widget-heading\" data-id=\"2163c8c\" data-element_type=\"widget\" data-widget_type=\"heading.default\">\n\t\t\t\t\t<p class=\"elementor-heading-title elementor-size-default\">Un destino transformador.<\/p>\t\t\t\t<\/div>\n\t\t\t\t<div class=\"elementor-element elementor-element-7bcb882 elementor-widget elementor-widget-heading\" data-id=\"7bcb882\" data-element_type=\"widget\" data-widget_type=\"heading.default\">\n\t\t\t\t\t<p class=\"elementor-heading-title elementor-size-default\">Un polo de innovaci\u00f3n.<\/p>\t\t\t\t<\/div>\n\t\t\t\t<div class=\"elementor-element elementor-element-5ed0400 elementor-widget elementor-widget-heading\" data-id=\"5ed0400\" data-element_type=\"widget\" data-widget_type=\"heading.default\">\n\t\t\t\t\t<p class=\"elementor-heading-title elementor-size-default\">Un espacio de sostenibilidad y formaci\u00f3n.<\/p>\t\t\t\t<\/div>\n\t\t\t\t<div class=\"elementor-element elementor-element-6f71b89 elementor-widget elementor-widget-heading\" data-id=\"6f71b89\" data-element_type=\"widget\" data-widget_type=\"heading.default\">\n\t\t\t\t\t<p class=\"elementor-heading-title elementor-size-default\">Todos los valores integrados en un solo lugar.<\/p>\t\t\t\t<\/div>\n\t\t\t\t<\/div>\n\t\t\t\t<div class=\"elementor-element elementor-element-ac9253b elementor-widget__width-initial elementor-absolute elementor-widget elementor-widget-image\" data-id=\"ac9253b\" data-element_type=\"widget\" data-settings=\"{&quot;_position&quot;:&quot;absolute&quot;}\" data-widget_type=\"image.default\">\n\t\t\t\t\t\t\t\t\t\t\t\t\t\t\t<img decoding=\"async\" src=\"https:\/\/maraey.com\/wp-content\/uploads\/2025\/09\/folhas-douradas.svg\" title=\"\" alt=\"\" loading=\"lazy\" \/>\t\t\t\t\t\t\t\t\t\t\t\t\t\t\t<\/div>\n\t\t\t\t<div class=\"elementor-element elementor-element-3796d78 elementor-absolute elementor-widget elementor-widget-html\" data-id=\"3796d78\" data-element_type=\"widget\" data-settings=\"{&quot;_position&quot;:&quot;absolute&quot;}\" data-widget_type=\"html.default\">\n\t\t\t\t\t<div id=\"fio-animado-container2\" style=\"width: 100vw; height: 100vh;\">\n  <svg xmlns=\"http:\/\/www.w3.org\/2000\/svg\" id=\"fio-animado2\" viewbox=\"0 0 1440 700\" width=\"100vw\" height=\"100vh\" fill=\"none\">\n<path d=\"M0,100           C 300,100 400,300 700,350           C 1000,400 1300,300 1440,280\" stroke=\"#FFFFFF\" stroke-width=\"1\" fill=\"none\" stroke-linecap=\"round\" stroke-linejoin=\"round\" stroke-dasharray=\"2500\" stroke-dashoffset=\"2500\">\n  <animate id=\"animar-fio2\" attributename=\"stroke-dashoffset\" from=\"2500\" to=\"0\" dur=\"2s\" fill=\"freeze\" begin=\"indefinite\"><\/animate>\n<\/path>\n\n\n  <\/path><\/svg>\n<\/div>\n\n<script>\n  document.addEventListener(\"DOMContentLoaded\", function () {\n    const target = document.querySelector(\"#fio-animado2\");\n\n    const observer = new IntersectionObserver((entries) =&gt; {\n      entries.forEach(entry =&gt; {\n        if (entry.isIntersecting) {\n          const path = target.querySelector(\"path\");\n          const clone = path.cloneNode(true);\n          path.replaceWith(clone);\n\n          const anim = clone.querySelector(\"animate\");\n          if (anim) anim.beginElement();\n        }\n      });\n    }, {\n      threshold: 0.5\n    });\n\n    if (target) {\n      observer.observe(target);\n    }\n  });\n<\/script>\n\n\t\t\t\t<\/div>\n\t\t\t\t\t<\/div>\n\t\t\t\t<\/div>\n\t\t<div class=\"elementor-element elementor-element-a1c3ec6 e-con-full e-flex e-con e-parent\" data-id=\"a1c3ec6\" data-element_type=\"container\" data-settings=\"{&quot;background_background&quot;:&quot;classic&quot;}\">\n\t\t\t\t<div class=\"elementor-element elementor-element-ed160fa scroll-title elementor-widget__width-initial elementor-widget elementor-widget-heading\" data-id=\"ed160fa\" data-element_type=\"widget\" data-widget_type=\"heading.default\">\n\t\t\t\t\t<h2 class=\"elementor-heading-title elementor-size-default\"><span class=\"reveal-word\">Para pasear, para vivir y para trabajar. <\/span><\/h2>\t\t\t\t<\/div>\n\t\t<div class=\"elementor-element elementor-element-57fb220 e-con-full e-flex e-con e-child\" data-id=\"57fb220\" data-element_type=\"container\">\n\t\t<div class=\"elementor-element elementor-element-f951beb e-con-full e-flex e-con e-child\" data-id=\"f951beb\" data-element_type=\"container\">\n\t\t<div class=\"elementor-element elementor-element-41a4003 e-con-full e-flex e-con e-child\" data-id=\"41a4003\" data-element_type=\"container\">\n\t\t\t\t<div class=\"elementor-element elementor-element-c1dcad1 fade-word elementor-widget__width-initial elementor-widget elementor-widget-text-editor\" data-id=\"c1dcad1\" data-element_type=\"widget\" data-widget_type=\"text-editor.default\">\n\t\t\t\t\t\t\t\t\tEl MARAEY Corporate Center establece un nuevo est\u00e1ndar ejecutivo al combinar innovaci\u00f3n, bienestar y respeto por el medio ambiente en plena armon\u00eda con el paisaje natural. Un proyecto visionario que traduce la esencia de la arquitectura responsable, equilibrando el progreso y la responsabilidad medioambiental.  \n\n\t\t\t\t\t\t\t\t<\/div>\n\t\t\t\t<div class=\"elementor-element elementor-element-76cc0d4 fade-word elementor-widget__width-initial elementor-widget elementor-widget-text-editor\" data-id=\"76cc0d4\" data-element_type=\"widget\" data-widget_type=\"text-editor.default\">\n\t\t\t\t\t\t\t\t\t<p>El edificio, situado a la entrada de MARAEY, ofrece unas vistas privilegiadas de la Reserva Natural (RPPN). Rodeado de vida y naturaleza, transmite un aire revitalizante reforzado por la abundante luz, la circulaci\u00f3n natural del aire, el uso de materiales sostenibles y la integraci\u00f3n paisaj\u00edstica. <\/p>\t\t\t\t\t\t\t\t<\/div>\n\t\t\t\t<\/div>\n\t\t\t\t<div class=\"elementor-element elementor-element-32ef319 elementor-widget__width-initial image-reveal elementor-widget elementor-widget-image\" data-id=\"32ef319\" data-element_type=\"widget\" data-widget_type=\"image.default\">\n\t\t\t\t\t\t\t\t\t\t\t\t\t\t\t<img loading=\"lazy\" decoding=\"async\" width=\"2560\" height=\"1440\" src=\"https:\/\/maraey.com\/wp-content\/uploads\/2025\/09\/corporate-1-min-scaled.webp\" class=\"attachment-full size-full wp-image-7936\" alt=\"\" srcset=\"https:\/\/maraey.com\/wp-content\/uploads\/2025\/09\/corporate-1-min-scaled.webp 2560w, https:\/\/maraey.com\/wp-content\/uploads\/2025\/09\/corporate-1-min-300x169.webp 300w, https:\/\/maraey.com\/wp-content\/uploads\/2025\/09\/corporate-1-min-1024x576.webp 1024w, https:\/\/maraey.com\/wp-content\/uploads\/2025\/09\/corporate-1-min-768x432.webp 768w, https:\/\/maraey.com\/wp-content\/uploads\/2025\/09\/corporate-1-min-1536x864.webp 1536w, https:\/\/maraey.com\/wp-content\/uploads\/2025\/09\/corporate-1-min-2048x1152.webp 2048w\" sizes=\"(max-width: 2560px) 100vw, 2560px\" \/>\t\t\t\t\t\t\t\t\t\t\t\t\t\t\t<\/div>\n\t\t\t\t<\/div>\n\t\t<div class=\"elementor-element elementor-element-2850acd e-con-full elementor-hidden-desktop elementor-hidden-tablet elementor-hidden-mobile e-flex e-con e-child\" data-id=\"2850acd\" data-element_type=\"container\">\n\t\t\t\t<div class=\"elementor-element elementor-element-785c38c elementor-widget__width-initial elementor-widget elementor-widget-image\" data-id=\"785c38c\" data-element_type=\"widget\" data-widget_type=\"image.default\">\n\t\t\t\t\t\t\t\t\t\t\t\t\t\t\t<img loading=\"lazy\" decoding=\"async\" width=\"554\" height=\"562\" src=\"https:\/\/maraey.com\/wp-content\/uploads\/2025\/09\/flores.svg\" class=\"attachment-full size-full wp-image-7245\" alt=\"\" \/>\t\t\t\t\t\t\t\t\t\t\t\t\t\t\t<\/div>\n\t\t<div class=\"elementor-element elementor-element-9c7e5d8 e-con-full e-flex e-con e-child\" data-id=\"9c7e5d8\" data-element_type=\"container\">\n\t\t\t\t<\/div>\n\t\t\t\t<\/div>\n\t\t\t\t<\/div>\n\t\t\t\t<\/div>\n\t\t<div class=\"elementor-element elementor-element-13ce363 e-con-full elementor-hidden-mobile e-flex e-con e-parent\" data-id=\"13ce363\" data-element_type=\"container\" data-settings=\"{&quot;background_background&quot;:&quot;classic&quot;}\">\n\t\t<div class=\"elementor-element elementor-element-7cebb7c e-con-full blur2 e-flex e-con e-child\" data-id=\"7cebb7c\" data-element_type=\"container\" data-settings=\"{&quot;background_background&quot;:&quot;classic&quot;}\">\n\t\t\t\t<div class=\"elementor-element elementor-element-71233d7 elementor-widget__width-initial scroll-title elementor-widget elementor-widget-heading\" data-id=\"71233d7\" data-element_type=\"widget\" data-widget_type=\"heading.default\">\n\t\t\t\t\t<h2 class=\"elementor-heading-title elementor-size-default\"><span class=\"reveal-word\">Arquitectura verde<\/span><\/h2>\t\t\t\t<\/div>\n\t\t\t\t<div class=\"elementor-element elementor-element-7929ba3 fade-word elementor-widget__width-initial elementor-widget elementor-widget-text-editor\" data-id=\"7929ba3\" data-element_type=\"widget\" data-widget_type=\"text-editor.default\">\n\t\t\t\t\t\t\t\t\t<p>El dise\u00f1o se caracteriza por una hendidura transversal que atraviesa el edificio, creando diferentes vol\u00famenes y favoreciendo la entrada de luz y la fluidez de la ventilaci\u00f3n alrededor de un espacio central que conecta con el entorno.<br><br>La fragmentaci\u00f3n modular permite la creaci\u00f3n de patios internos que ampl\u00edan la interacci\u00f3n entre el interior y el exterior. Jardines verticales, espejos de agua, cubiertas verdes y pasarelas crean microclimas variados, transformando el conjunto en un icono de sostenibilidad e impacto global. <\/p>\t\t\t\t\t\t\t\t<\/div>\n\t\t\t\t<\/div>\n\t\t\t\t<\/div>\n\t\t<div class=\"elementor-element elementor-element-50ae559 e-con-full elementor-hidden-desktop elementor-hidden-tablet e-flex e-con e-parent\" data-id=\"50ae559\" data-element_type=\"container\">\n\t\t<div class=\"elementor-element elementor-element-b62d7bd e-con-full blur2 e-flex e-con e-child\" data-id=\"b62d7bd\" data-element_type=\"container\" data-settings=\"{&quot;background_background&quot;:&quot;classic&quot;}\">\n\t\t\t\t<div class=\"elementor-element elementor-element-70c9c92 elementor-widget__width-initial scroll-title elementor-widget elementor-widget-heading\" data-id=\"70c9c92\" data-element_type=\"widget\" data-widget_type=\"heading.default\">\n\t\t\t\t\t<h2 class=\"elementor-heading-title elementor-size-default\"><span class=\"reveal-word\">Arquitectura verde<\/span><\/h2>\t\t\t\t<\/div>\n\t\t\t\t<div class=\"elementor-element elementor-element-b132e2e fade-word elementor-widget__width-initial elementor-widget elementor-widget-text-editor\" data-id=\"b132e2e\" data-element_type=\"widget\" data-widget_type=\"text-editor.default\">\n\t\t\t\t\t\t\t\t\t<p>El dise\u00f1o se caracteriza por una hendidura transversal que atraviesa el edificio, creando diferentes vol\u00famenes y favoreciendo la entrada de luz y la fluidez de la ventilaci\u00f3n alrededor de un espacio central que conecta con el entorno.<\/p><p>La fragmentaci\u00f3n modular permite la creaci\u00f3n de patios internos que ampl\u00edan la interacci\u00f3n entre el interior y el exterior. Jardines verticales, espejos de agua, cubiertas verdes y pasarelas crean microclimas variados, transformando el conjunto en un icono de sostenibilidad e impacto global. <\/p>\t\t\t\t\t\t\t\t<\/div>\n\t\t\t\t<\/div>\n\t\t\t\t<\/div>\n\t\t<div class=\"elementor-element elementor-element-3075b57 elementor-hidden-desktop elementor-hidden-tablet e-flex e-con-boxed e-con e-parent\" data-id=\"3075b57\" data-element_type=\"container\" data-settings=\"{&quot;background_background&quot;:&quot;classic&quot;}\">\n\t\t\t\t\t<div class=\"e-con-inner\">\n\t\t\t\t\t<\/div>\n\t\t\t\t<\/div>\n\t\t\t\t<\/div>\n\t\t","protected":false},"excerpt":{"rendered":"<p>Innovaci\u00f3n El equilibrio entre lo urbano y la naturaleza Una propuesta que integra dise\u00f1o, innovaci\u00f3n, excelencia arquitect\u00f3nica y responsabilidad medioambiental. Un modelo urbano abierto que valora la circulaci\u00f3n, la integraci\u00f3n con las comunidades y una experiencia acogedora desde el primer momento. M\u00e1s que un concepto, nuestra Smart City es una realidad que se traduce en [&hellip;]<\/p>\n","protected":false},"author":2,"featured_media":7939,"parent":0,"menu_order":0,"comment_status":"closed","ping_status":"closed","template":"","meta":{"_acf_changed":false,"footnotes":""},"class_list":["post-7940","page","type-page","status-publish","has-post-thumbnail","hentry"],"acf":[],"yoast_head":"<!-- This site is optimized with the Yoast SEO plugin v26.6 - https:\/\/yoast.com\/wordpress\/plugins\/seo\/ -->\n<title>Innovaci\u00f3n - Equilibrio entre lo urbano y lo natural | MARAEY<\/title>\n<meta name=\"description\" content=\"MARAEY Innovaci\u00f3n - El valor de una propuesta que integra dise\u00f1o, innovaci\u00f3n, excelencia arquitect\u00f3nica y sostenibilidad.\" \/>\n<meta name=\"robots\" content=\"index, follow, max-snippet:-1, max-image-preview:large, max-video-preview:-1\" \/>\n<link rel=\"canonical\" href=\"https:\/\/maraey.com\/es\/innovacion\/\" \/>\n<meta property=\"og:locale\" content=\"es_ES\" \/>\n<meta property=\"og:type\" content=\"article\" \/>\n<meta property=\"og:title\" content=\"Innovaci\u00f3n - Equilibrio entre lo urbano y lo natural | MARAEY\" \/>\n<meta property=\"og:description\" content=\"MARAEY Innovaci\u00f3n - El valor de una propuesta que integra dise\u00f1o, innovaci\u00f3n, excelencia arquitect\u00f3nica y sostenibilidad.\" \/>\n<meta property=\"og:url\" content=\"https:\/\/maraey.com\/es\/innovacion\/\" \/>\n<meta property=\"og:site_name\" content=\"MARAEY\" \/>\n<meta property=\"article:modified_time\" content=\"2025-10-08T23:54:03+00:00\" \/>\n<meta property=\"og:image\" content=\"https:\/\/maraey.com\/wp-content\/uploads\/2025\/09\/inovacao-hero.jpg\" \/>\n\t<meta property=\"og:image:width\" content=\"780\" \/>\n\t<meta property=\"og:image:height\" content=\"1170\" \/>\n\t<meta property=\"og:image:type\" content=\"image\/jpeg\" \/>\n<meta name=\"twitter:card\" content=\"summary_large_image\" \/>\n<meta name=\"twitter:label1\" content=\"Tiempo de lectura\" \/>\n\t<meta name=\"twitter:data1\" content=\"3 minutos\" \/>\n<script type=\"application\/ld+json\" class=\"yoast-schema-graph\">{\"@context\":\"https:\/\/schema.org\",\"@graph\":[{\"@type\":\"WebPage\",\"@id\":\"https:\/\/maraey.com\/es\/innovacion\/\",\"url\":\"https:\/\/maraey.com\/es\/innovacion\/\",\"name\":\"Innovaci\u00f3n - Equilibrio entre lo urbano y lo natural | MARAEY\",\"isPartOf\":{\"@id\":\"https:\/\/maraey.com\/es\/#website\"},\"primaryImageOfPage\":{\"@id\":\"https:\/\/maraey.com\/es\/innovacion\/#primaryimage\"},\"image\":{\"@id\":\"https:\/\/maraey.com\/es\/innovacion\/#primaryimage\"},\"thumbnailUrl\":\"https:\/\/maraey.com\/wp-content\/uploads\/2025\/09\/inovacao-hero.jpg\",\"datePublished\":\"2025-09-06T14:23:42+00:00\",\"dateModified\":\"2025-10-08T23:54:03+00:00\",\"description\":\"MARAEY Innovaci\u00f3n - El valor de una propuesta que integra dise\u00f1o, innovaci\u00f3n, excelencia arquitect\u00f3nica y sostenibilidad.\",\"breadcrumb\":{\"@id\":\"https:\/\/maraey.com\/es\/innovacion\/#breadcrumb\"},\"inLanguage\":\"es\",\"potentialAction\":[{\"@type\":\"ReadAction\",\"target\":[\"https:\/\/maraey.com\/es\/innovacion\/\"]}]},{\"@type\":\"ImageObject\",\"inLanguage\":\"es\",\"@id\":\"https:\/\/maraey.com\/es\/innovacion\/#primaryimage\",\"url\":\"https:\/\/maraey.com\/wp-content\/uploads\/2025\/09\/inovacao-hero.jpg\",\"contentUrl\":\"https:\/\/maraey.com\/wp-content\/uploads\/2025\/09\/inovacao-hero.jpg\",\"width\":780,\"height\":1170},{\"@type\":\"BreadcrumbList\",\"@id\":\"https:\/\/maraey.com\/es\/innovacion\/#breadcrumb\",\"itemListElement\":[{\"@type\":\"ListItem\",\"position\":1,\"name\":\"In\u00edcio\",\"item\":\"https:\/\/maraey.com\/es\/\"},{\"@type\":\"ListItem\",\"position\":2,\"name\":\"Innovaci\u00f3n\"}]},{\"@type\":\"WebSite\",\"@id\":\"https:\/\/maraey.com\/es\/#website\",\"url\":\"https:\/\/maraey.com\/es\/\",\"name\":\"MARAEY\",\"description\":\"\",\"publisher\":{\"@id\":\"https:\/\/maraey.com\/es\/#organization\"},\"potentialAction\":[{\"@type\":\"SearchAction\",\"target\":{\"@type\":\"EntryPoint\",\"urlTemplate\":\"https:\/\/maraey.com\/es\/?s={search_term_string}\"},\"query-input\":{\"@type\":\"PropertyValueSpecification\",\"valueRequired\":true,\"valueName\":\"search_term_string\"}}],\"inLanguage\":\"es\"},{\"@type\":\"Organization\",\"@id\":\"https:\/\/maraey.com\/es\/#organization\",\"name\":\"MARAEY\",\"url\":\"https:\/\/maraey.com\/es\/\",\"logo\":{\"@type\":\"ImageObject\",\"inLanguage\":\"es\",\"@id\":\"https:\/\/maraey.com\/es\/#\/schema\/logo\/image\/\",\"url\":\"https:\/\/maraey.com\/wp-content\/uploads\/2025\/08\/Maraey-logo.svg\",\"contentUrl\":\"https:\/\/maraey.com\/wp-content\/uploads\/2025\/08\/Maraey-logo.svg\",\"width\":145,\"height\":145,\"caption\":\"MARAEY\"},\"image\":{\"@id\":\"https:\/\/maraey.com\/es\/#\/schema\/logo\/image\/\"}}]}<\/script>\n<!-- \/ Yoast SEO plugin. -->","yoast_head_json":{"title":"Innovaci\u00f3n - Equilibrio entre lo urbano y lo natural | MARAEY","description":"MARAEY Innovaci\u00f3n - El valor de una propuesta que integra dise\u00f1o, innovaci\u00f3n, excelencia arquitect\u00f3nica y sostenibilidad.","robots":{"index":"index","follow":"follow","max-snippet":"max-snippet:-1","max-image-preview":"max-image-preview:large","max-video-preview":"max-video-preview:-1"},"canonical":"https:\/\/maraey.com\/es\/innovacion\/","og_locale":"es_ES","og_type":"article","og_title":"Innovaci\u00f3n - Equilibrio entre lo urbano y lo natural | MARAEY","og_description":"MARAEY Innovaci\u00f3n - El valor de una propuesta que integra dise\u00f1o, innovaci\u00f3n, excelencia arquitect\u00f3nica y sostenibilidad.","og_url":"https:\/\/maraey.com\/es\/innovacion\/","og_site_name":"MARAEY","article_modified_time":"2025-10-08T23:54:03+00:00","og_image":[{"width":780,"height":1170,"url":"https:\/\/maraey.com\/wp-content\/uploads\/2025\/09\/inovacao-hero.jpg","type":"image\/jpeg"}],"twitter_card":"summary_large_image","twitter_misc":{"Tiempo de lectura":"3 minutos"},"schema":{"@context":"https:\/\/schema.org","@graph":[{"@type":"WebPage","@id":"https:\/\/maraey.com\/es\/innovacion\/","url":"https:\/\/maraey.com\/es\/innovacion\/","name":"Innovaci\u00f3n - Equilibrio entre lo urbano y lo natural | MARAEY","isPartOf":{"@id":"https:\/\/maraey.com\/es\/#website"},"primaryImageOfPage":{"@id":"https:\/\/maraey.com\/es\/innovacion\/#primaryimage"},"image":{"@id":"https:\/\/maraey.com\/es\/innovacion\/#primaryimage"},"thumbnailUrl":"https:\/\/maraey.com\/wp-content\/uploads\/2025\/09\/inovacao-hero.jpg","datePublished":"2025-09-06T14:23:42+00:00","dateModified":"2025-10-08T23:54:03+00:00","description":"MARAEY Innovaci\u00f3n - El valor de una propuesta que integra dise\u00f1o, innovaci\u00f3n, excelencia arquitect\u00f3nica y sostenibilidad.","breadcrumb":{"@id":"https:\/\/maraey.com\/es\/innovacion\/#breadcrumb"},"inLanguage":"es","potentialAction":[{"@type":"ReadAction","target":["https:\/\/maraey.com\/es\/innovacion\/"]}]},{"@type":"ImageObject","inLanguage":"es","@id":"https:\/\/maraey.com\/es\/innovacion\/#primaryimage","url":"https:\/\/maraey.com\/wp-content\/uploads\/2025\/09\/inovacao-hero.jpg","contentUrl":"https:\/\/maraey.com\/wp-content\/uploads\/2025\/09\/inovacao-hero.jpg","width":780,"height":1170},{"@type":"BreadcrumbList","@id":"https:\/\/maraey.com\/es\/innovacion\/#breadcrumb","itemListElement":[{"@type":"ListItem","position":1,"name":"In\u00edcio","item":"https:\/\/maraey.com\/es\/"},{"@type":"ListItem","position":2,"name":"Innovaci\u00f3n"}]},{"@type":"WebSite","@id":"https:\/\/maraey.com\/es\/#website","url":"https:\/\/maraey.com\/es\/","name":"MARAEY","description":"","publisher":{"@id":"https:\/\/maraey.com\/es\/#organization"},"potentialAction":[{"@type":"SearchAction","target":{"@type":"EntryPoint","urlTemplate":"https:\/\/maraey.com\/es\/?s={search_term_string}"},"query-input":{"@type":"PropertyValueSpecification","valueRequired":true,"valueName":"search_term_string"}}],"inLanguage":"es"},{"@type":"Organization","@id":"https:\/\/maraey.com\/es\/#organization","name":"MARAEY","url":"https:\/\/maraey.com\/es\/","logo":{"@type":"ImageObject","inLanguage":"es","@id":"https:\/\/maraey.com\/es\/#\/schema\/logo\/image\/","url":"https:\/\/maraey.com\/wp-content\/uploads\/2025\/08\/Maraey-logo.svg","contentUrl":"https:\/\/maraey.com\/wp-content\/uploads\/2025\/08\/Maraey-logo.svg","width":145,"height":145,"caption":"MARAEY"},"image":{"@id":"https:\/\/maraey.com\/es\/#\/schema\/logo\/image\/"}}]}},"_links":{"self":[{"href":"https:\/\/maraey.com\/es\/wp-json\/wp\/v2\/pages\/7940","targetHints":{"allow":["GET"]}}],"collection":[{"href":"https:\/\/maraey.com\/es\/wp-json\/wp\/v2\/pages"}],"about":[{"href":"https:\/\/maraey.com\/es\/wp-json\/wp\/v2\/types\/page"}],"author":[{"embeddable":true,"href":"https:\/\/maraey.com\/es\/wp-json\/wp\/v2\/users\/2"}],"replies":[{"embeddable":true,"href":"https:\/\/maraey.com\/es\/wp-json\/wp\/v2\/comments?post=7940"}],"version-history":[{"count":1,"href":"https:\/\/maraey.com\/es\/wp-json\/wp\/v2\/pages\/7940\/revisions"}],"predecessor-version":[{"id":7953,"href":"https:\/\/maraey.com\/es\/wp-json\/wp\/v2\/pages\/7940\/revisions\/7953"}],"wp:featuredmedia":[{"embeddable":true,"href":"https:\/\/maraey.com\/es\/wp-json\/wp\/v2\/media\/7939"}],"wp:attachment":[{"href":"https:\/\/maraey.com\/es\/wp-json\/wp\/v2\/media?parent=7940"}],"curies":[{"name":"wp","href":"https:\/\/api.w.org\/{rel}","templated":true}]}}